{"id":105,"date":"2022-04-17T12:01:36","date_gmt":"2022-04-17T10:01:36","guid":{"rendered":"https:\/\/biohofladen.ch\/?page_id=105"},"modified":"2022-05-01T13:06:15","modified_gmt":"2022-05-01T11:06:15","slug":"ueber-uns","status":"publish","type":"page","link":"https:\/\/biohofladen.ch\/?page_id=105","title":{"rendered":"\u00dcber uns"},"content":{"rendered":"\n<div style=\"height:100px\" aria-hidden=\"true\" class=\"wp-block-spacer\"><\/div>\n\n\n\n<p class=\"has-text-align-left has-sitebg-background-color has-background\" style=\"font-size:25px\">Wir, Alexandra und Fabian Ruch, mit den T\u00f6chtern Emily, Sofia und Sohn Maurin, f\u00fchren seit 2012 in dritter Generation unseren Bio Betrieb in Kirchleerau. <br>Unser Betrieb wird seit 1950 mit viel Herzblut nach biologischen Richtlinien gef\u00fchrt.<br>Auf unseren rund 30ha Land gedeiht saisonales Gem\u00fcse und Brotgetreide. Unsere Ernten sind f\u00fcr den Grosshandel, unseren Hofladen und die Saisonboxen bestimmt.<br>Bei unserer Arbeit werden wir von unseren Familien, Kollegen und von M\u00e4rz bis Dezember von 6-8 Saisonangestellten unterst\u00fctzt.<\/p>\n\n\n\n<div style=\"height:100px\" aria-hidden=\"true\" class=\"wp-block-spacer\"><\/div>\n\n\n\n<figure class=\"wp-block-coblocks-gallery-masonry masonry-grid has-custom-gutter\" style=\"--coblocks-custom-gutter:0.2em\">\n<figure class=\"wp-block-image size-full masonry-brick\"><img loading=\"lazy\" decoding=\"async\" width=\"1920\" height=\"2560\" src=\"https:\/\/biohofladen.ch\/wp-content\/uploads\/2022\/04\/IMG_2499-scaled.jpg\" alt=\"Image gallery image\" class=\"wp-image-266\" srcset=\"https:\/\/biohofladen.ch\/wp-content\/uploads\/2022\/04\/IMG_2499-scaled.jpg 1920w, https:\/\/biohofladen.ch\/wp-content\/uploads\/2022\/04\/IMG_2499-225x300.jpg 225w, https:\/\/biohofladen.ch\/wp-content\/uploads\/2022\/04\/IMG_2499-768x1024.jpg 768w, https:\/\/biohofladen.ch\/wp-content\/uploads\/2022\/04\/IMG_2499-1152x1536.jpg 1152w, https:\/\/biohofladen.ch\/wp-content\/uploads\/2022\/04\/IMG_2499-1536x2048.jpg 1536w, https:\/\/biohofladen.ch\/wp-content\/uploads\/2022\/04\/IMG_2499-600x800.jpg 600w\" sizes=\"auto, (max-width: 1920px) 100vw, 1920px\" \/><\/figure>\n\n\n\n<figure class=\"wp-block-image size-full masonry-brick\"><img loading=\"lazy\" decoding=\"async\" width=\"2560\" height=\"1441\" src=\"https:\/\/biohofladen.ch\/wp-content\/uploads\/2022\/04\/GDQE7427-scaled.jpg\" alt=\"Image gallery image\" class=\"wp-image-263\" srcset=\"https:\/\/biohofladen.ch\/wp-content\/uploads\/2022\/04\/GDQE7427-scaled.jpg 2560w, https:\/\/biohofladen.ch\/wp-content\/uploads\/2022\/04\/GDQE7427-300x169.jpg 300w, https:\/\/biohofladen.ch\/wp-content\/uploads\/2022\/04\/GDQE7427-1024x576.jpg 1024w, https:\/\/biohofladen.ch\/wp-content\/uploads\/2022\/04\/GDQE7427-768x432.jpg 768w, https:\/\/biohofladen.ch\/wp-content\/uploads\/2022\/04\/GDQE7427-1536x865.jpg 1536w, https:\/\/biohofladen.ch\/wp-content\/uploads\/2022\/04\/GDQE7427-2048x1153.jpg 2048w, https:\/\/biohofladen.ch\/wp-content\/uploads\/2022\/04\/GDQE7427-533x300.jpg 533w, https:\/\/biohofladen.ch\/wp-content\/uploads\/2022\/04\/GDQE7427-600x338.jpg 600w\" sizes=\"auto, (max-width: 2560px) 100vw, 2560px\" \/><\/figure>\n\n\n\n<figure class=\"wp-block-image size-full\"><img loading=\"lazy\" decoding=\"async\" width=\"1920\" height=\"2560\" src=\"https:\/\/biohofladen.ch\/wp-content\/uploads\/2022\/05\/IMG_1391-scaled.jpg\" alt=\"Image gallery image\" class=\"wp-image-431\" srcset=\"https:\/\/biohofladen.ch\/wp-content\/uploads\/2022\/05\/IMG_1391-scaled.jpg 1920w, https:\/\/biohofladen.ch\/wp-content\/uploads\/2022\/05\/IMG_1391-225x300.jpg 225w, https:\/\/biohofladen.ch\/wp-content\/uploads\/2022\/05\/IMG_1391-768x1024.jpg 768w, https:\/\/biohofladen.ch\/wp-content\/uploads\/2022\/05\/IMG_1391-1152x1536.jpg 1152w, https:\/\/biohofladen.ch\/wp-content\/uploads\/2022\/05\/IMG_1391-1536x2048.jpg 1536w, https:\/\/biohofladen.ch\/wp-content\/uploads\/2022\/05\/IMG_1391-600x800.jpg 600w\" sizes=\"auto, (max-width: 1920px) 100vw, 1920px\" \/><\/figure>\n\n\n\n<figure class=\"wp-block-image size-full masonry-brick\"><img loading=\"lazy\" decoding=\"async\" width=\"1920\" height=\"2560\" src=\"https:\/\/biohofladen.ch\/wp-content\/uploads\/2022\/04\/IMG_2766-scaled.jpg\" alt=\"Image gallery image\" class=\"wp-image-267\" srcset=\"https:\/\/biohofladen.ch\/wp-content\/uploads\/2022\/04\/IMG_2766-scaled.jpg 1920w, https:\/\/biohofladen.ch\/wp-content\/uploads\/2022\/04\/IMG_2766-225x300.jpg 225w, https:\/\/biohofladen.ch\/wp-content\/uploads\/2022\/04\/IMG_2766-768x1024.jpg 768w, https:\/\/biohofladen.ch\/wp-content\/uploads\/2022\/04\/IMG_2766-1152x1536.jpg 1152w, https:\/\/biohofladen.ch\/wp-content\/uploads\/2022\/04\/IMG_2766-1536x2048.jpg 1536w, https:\/\/biohofladen.ch\/wp-content\/uploads\/2022\/04\/IMG_2766-600x800.jpg 600w\" sizes=\"auto, (max-width: 1920px) 100vw, 1920px\" \/><\/figure>\n\n\n\n<figure class=\"wp-block-image size-full masonry-brick\"><img loading=\"lazy\" decoding=\"async\" width=\"1920\" height=\"2560\" src=\"https:\/\/biohofladen.ch\/wp-content\/uploads\/2022\/04\/IMG_1677-scaled.jpg\" alt=\"Image gallery image\" class=\"wp-image-265\" srcset=\"https:\/\/biohofladen.ch\/wp-content\/uploads\/2022\/04\/IMG_1677-scaled.jpg 1920w, https:\/\/biohofladen.ch\/wp-content\/uploads\/2022\/04\/IMG_1677-225x300.jpg 225w, https:\/\/biohofladen.ch\/wp-content\/uploads\/2022\/04\/IMG_1677-768x1024.jpg 768w, https:\/\/biohofladen.ch\/wp-content\/uploads\/2022\/04\/IMG_1677-1152x1536.jpg 1152w, https:\/\/biohofladen.ch\/wp-content\/uploads\/2022\/04\/IMG_1677-1536x2048.jpg 1536w, https:\/\/biohofladen.ch\/wp-content\/uploads\/2022\/04\/IMG_1677-600x800.jpg 600w\" sizes=\"auto, (max-width: 1920px) 100vw, 1920px\" \/><\/figure>\n\n\n\n<figure class=\"wp-block-image size-full masonry-brick\"><img loading=\"lazy\" decoding=\"async\" width=\"2048\" height=\"2048\" src=\"https:\/\/biohofladen.ch\/wp-content\/uploads\/2022\/04\/BLUQ9444.jpg\" alt=\"Image gallery image\" class=\"wp-image-261\" srcset=\"https:\/\/biohofladen.ch\/wp-content\/uploads\/2022\/04\/BLUQ9444.jpg 2048w, https:\/\/biohofladen.ch\/wp-content\/uploads\/2022\/04\/BLUQ9444-300x300.jpg 300w, https:\/\/biohofladen.ch\/wp-content\/uploads\/2022\/04\/BLUQ9444-1024x1024.jpg 1024w, https:\/\/biohofladen.ch\/wp-content\/uploads\/2022\/04\/BLUQ9444-150x150.jpg 150w, https:\/\/biohofladen.ch\/wp-content\/uploads\/2022\/04\/BLUQ9444-768x768.jpg 768w, https:\/\/biohofladen.ch\/wp-content\/uploads\/2022\/04\/BLUQ9444-1536x1536.jpg 1536w, https:\/\/biohofladen.ch\/wp-content\/uploads\/2022\/04\/BLUQ9444-600x600.jpg 600w, https:\/\/biohofladen.ch\/wp-content\/uploads\/2022\/04\/BLUQ9444-100x100.jpg 100w\" sizes=\"auto, (max-width: 2048px) 100vw, 2048px\" \/><\/figure>\n\n\n\n<figure class=\"wp-block-image size-full\"><img loading=\"lazy\" decoding=\"async\" width=\"2560\" height=\"1441\" src=\"https:\/\/biohofladen.ch\/wp-content\/uploads\/2022\/05\/IMG_0955-scaled.jpg\" alt=\"Image gallery image\" class=\"wp-image-430\" srcset=\"https:\/\/biohofladen.ch\/wp-content\/uploads\/2022\/05\/IMG_0955-scaled.jpg 2560w, https:\/\/biohofladen.ch\/wp-content\/uploads\/2022\/05\/IMG_0955-300x169.jpg 300w, https:\/\/biohofladen.ch\/wp-content\/uploads\/2022\/05\/IMG_0955-1024x576.jpg 1024w, https:\/\/biohofladen.ch\/wp-content\/uploads\/2022\/05\/IMG_0955-768x432.jpg 768w, https:\/\/biohofladen.ch\/wp-content\/uploads\/2022\/05\/IMG_0955-1536x865.jpg 1536w, https:\/\/biohofladen.ch\/wp-content\/uploads\/2022\/05\/IMG_0955-2048x1153.jpg 2048w, https:\/\/biohofladen.ch\/wp-content\/uploads\/2022\/05\/IMG_0955-533x300.jpg 533w, https:\/\/biohofladen.ch\/wp-content\/uploads\/2022\/05\/IMG_0955-600x338.jpg 600w\" sizes=\"auto, (max-width: 2560px) 100vw, 2560px\" \/><\/figure>\n<\/figure>\n\n\n\n<div style=\"height:46px\" aria-hidden=\"true\" class=\"wp-block-spacer\"><\/div>\n\n\n\n<p><\/p>\n\n\n\n<div style=\"height:100px\" aria-hidden=\"true\" class=\"wp-block-spacer\"><\/div>\n","protected":false},"excerpt":{"rendered":"<p>Wir, Alexandra und Fabian Ruch, mit den T\u00f6chtern Emily, Sofia und Sohn Maurin, f\u00fchren seit 2012 in dritter Generation unseren Bio Betrieb in Kirchleerau. Unser &hellip;<\/p>\n","protected":false},"author":1,"featured_media":0,"parent":0,"menu_order":0,"comment_status":"closed","ping_status":"closed","template":"template-page-builder-no-sidebar.php","meta":{"_acf_changed":false,"_coblocks_attr":"","_coblocks_dimensions":"","_coblocks_responsive_height":"","_coblocks_accordion_ie_support":"","footnotes":""},"class_list":["post-105","page","type-page","status-publish","hentry"],"acf":[],"jetpack_sharing_enabled":true,"_links":{"self":[{"href":"https:\/\/biohofladen.ch\/index.php?rest_route=\/wp\/v2\/pages\/105","targetHints":{"allow":["GET"]}}],"collection":[{"href":"https:\/\/biohofladen.ch\/index.php?rest_route=\/wp\/v2\/pages"}],"about":[{"href":"https:\/\/biohofladen.ch\/index.php?rest_route=\/wp\/v2\/types\/page"}],"author":[{"embeddable":true,"href":"https:\/\/biohofladen.ch\/index.php?rest_route=\/wp\/v2\/users\/1"}],"replies":[{"embeddable":true,"href":"https:\/\/biohofladen.ch\/index.php?rest_route=%2Fwp%2Fv2%2Fcomments&post=105"}],"version-history":[{"count":15,"href":"https:\/\/biohofladen.ch\/index.php?rest_route=\/wp\/v2\/pages\/105\/revisions"}],"predecessor-version":[{"id":432,"href":"https:\/\/biohofladen.ch\/index.php?rest_route=\/wp\/v2\/pages\/105\/revisions\/432"}],"wp:attachment":[{"href":"https:\/\/biohofladen.ch\/index.php?rest_route=%2Fwp%2Fv2%2Fmedia&parent=105"}],"curies":[{"name":"wp","href":"https:\/\/api.w.org\/{rel}","templated":true}]}}